{"id":79288,"date":"2024-02-13T14:51:10","date_gmt":"2024-02-13T12:51:10","guid":{"rendered":"https:\/\/astridlindgrensvarld.se\/information\/dolmetscher-fuer-gebaerdensprache\/"},"modified":"2025-12-03T15:19:41","modified_gmt":"2025-12-03T13:19:41","slug":"dolmetscher-fuer-gebaerdensprache","status":"publish","type":"tips-and-info","link":"https:\/\/astridlindgrensvarld.se\/de\/information\/dolmetscher-fuer-gebaerdensprache\/","title":{"rendered":"Dolmetscher f\u00fcr Geb\u00e4rdensprache"},"content":{"rendered":"\n<div class=\"relative flex flex-col items-center  w-full h-screen max-h-[960px] mobile:mb-[200px] desktop:max-h-[780px] min-h-[700px] mobile:min-h-[500px] justify-start mobile:max-h-none mobile:h-full\">\n\t\t\t\t\t\t\t<img decoding=\"async\" class=\"top-0 object-cover w-full h-[60vh] max-h-[800px] min-h-[700px]  mobile:min-h-[540px]\" src=\"https:\/\/astridlindgrensvarld.se\/wp-content\/uploads\/2024\/01\/tecken-hero-1920x1080-1.jpg\" alt=\"\">\n\t\t\t\t\t\t\t<div class=\"absolute bottom-0 mobile:bottom-[-200px] z-10 flex flex-col items-center w-full inner-contain gap-7 desktop-sm:px-4 mobile:px-2\">\n\t\t\t\t<div class=\"bg-whiteish px-[80px] py-6 mobile:p-2 flex flex-col items-center gap-4 mobile:gap-4 text-black text-center rounded-lg lg-shadow w-full\">\n\t\t\t\t\t<div class=\"flex flex-col items-center justify-start gap-1\">\n\n\t\t\t\t\t\t<h1 class=\"text-brightRed -hero\">Dolmetscher f\u00fcr Geb\u00e4rdensprache<\/h1>\n\t\t\t\t\t\t\t\t\t\t\t<\/div>\n\n\t\t\t\t\t<p class=\"-large text-darkRed mobile:!text-[16px]\">Um unser Programm m\u00f6glichst vielen Menschen zug\u00e4nglich zu machen, haben wir bereits 2009 Geb\u00e4rdensprachdolmetschen in unseren Theatern eingef\u00fchrt. Die Dolmetscher f\u00fcr Geb\u00e4rdensprache sind dabei ein Teil der Vorstellungen und bekommen ein Kost\u00fcm, eine Rolle und Regie, sodass ihre Mitarbeit zu einem nat\u00fcrlichen Bestandteil der Theatervorstellung wird.<br \/>\n<br \/>\n<\/p>\n\t\t\t\t\t\t\t\t\t\t\t\t\t\t<\/div>\n\t\t\t<\/div>\n\t\t\t<\/div>\n\n<div class=\"flex flex-col w-full m-auto py-7 fp-image-contain mb-[-64px]\">\n\t\t\t\t\t\t<img decoding=\"async\" data-aos=\"\" data-aos-duration=\"\" class=\"top-0 object-cover w-full max-h-[900px] min-h-[600px] rounded-xl desktop-md:rounded-none\" src=\"https:\/\/astridlindgrensvarld.se\/wp-content\/uploads\/2023\/12\/tecken-1-3200x1440px.jpg\" alt=\"\">\n\t\t\t\t<div class=\"flex\">\n\t\t\t<div class=\"flex  w-full relative top-[-64px] z-10 ml-8 tablet:w-[90%] tablet:m-auto\">\n\t\t\t\t<div class=\"flex flex-col items-start max-w-[50%] tablet:items-center bg-whiteish p-6 tablet:px-4 mr-8 rounded-lg gap-5 tablet:max-w-none mobile:w-full tablet:mr-0 lg-shadow\">\n\t\t\t\t\t\t\t\t\t\t\t<h3 class=\"text-darkRed mobile:text-center -demi\">Die Zeiten mit Geb\u00e4rdensprachdolmetschen<\/h3>\n\t\t\t\t\t\t\t\t\t\t<p class=\"text-blackish tablet:text-center\">Zu diesen Gelegenheiten werden Vorstellungen gem\u00e4\u00df einem vorab festgelegten Plan in Geb\u00e4rdensprache gedolmetscht, sodass man alle gedolmetschten Vorstellungen des Tages besuchen kann. Ein spezielles Programm ist beim G\u00e4steservice im Eingangsbereich erh\u00e4ltlich.<br \/>\r\n<br \/>\r\nSommersaison 2026:<br \/>\r\n5.\u20136.\u20137. Juni  <br \/>\r\n7.\u20138.\u20139. August  <br \/>\r\n4.\u20135.\u20136. September<br \/>\r\n<\/p>\n\t\t\t\t\t\t\t\t\t<\/div>\n\t\t\t<\/div>\n\t\t<\/div>\n\t\n<\/div>\n\n\n<div data-aos=\"\" data-aos-duration=\"\" class=\"tablet:px-4 mobile-sm:px-2\">\n\t<div class=\"flex flex-col items-center w-full px-6 m-auto rounded-md mobile:px-5 inner-contain bg-whiteish my-7\">\n\n\t\t\t\t<div class=\"flex flex-col items-center justify-center w-full m-auto py-7 desktop-sm:px-4 tablet:px-0 text-contain\">\n\t\t\t<div class=\"flex flex-col items-center justify-center w-full\">\n\n\t\t\t\t\t\t\t\t\t\t\t\t\t\t\t<div class=\"flex flex-col items-start justify-center w-full pb-5\">\n\n\t\t\t\t\t\t\t<div class=\"wysiwyg-style \">\n\t\t\t\t\t\t\t\t<p><strong>Geb\u00e4rdensprachinterpretierte Programme Saison 2026<\/strong><\/p>\n<p><strong>Programm 1<\/strong><\/p>\n<p><strong>Termine:<\/strong> 5 &amp; 7. Juni, 8. August,<\/p>\n<table border=\"1\" cellspacing=\"0\" cellpadding=\"5\">\n<thead>\n<tr>\n<th>Zeit<\/th>\n<th>Programm<\/th>\n<th>Ort<\/th>\n<\/tr>\n<\/thead>\n<tbody>\n<tr>\n<td>11.00<\/td>\n<td>\n<p data-pm-slice=\"1 1 []\">Mein Bruder, Jonathan L\u00f6wenherz<\/p>\n<\/td>\n<td>\n<p data-pm-slice=\"1 1 []\">Das Kirschbl\u00fctental<\/p>\n<\/td>\n<\/tr>\n<tr>\n<td>12:00<\/td>\n<td>\n<p data-pm-slice=\"1 1 []\">Die Verr\u00e4ter des Kirschbl\u00fctentals<\/p>\n<\/td>\n<td>Das Kirschbl\u00fctental<\/td>\n<\/tr>\n<tr>\n<td>14.15<\/td>\n<td>Pfui uber dich!<\/td>\n<td>Die Mattisburg<\/td>\n<\/tr>\n<tr>\n<td>15.25<\/td>\n<td>Das Treffen der wilden Tieren<\/td>\n<td>Die Mattisburg<\/td>\n<\/tr>\n<tr>\n<td>17.00<\/td>\n<td>Der Tag des Kampfes<\/td>\n<td>Das Heckenrosental<\/td>\n<\/tr>\n<tr>\n<td><\/td>\n<td>\n<p data-pm-slice=\"0 0 []\">\n<\/td>\n<td><\/td>\n<\/tr>\n<\/tbody>\n<\/table>\n\t\t\t\t\t\t\t<\/div>\n\t\t\t\t\t\t\t\t\t\t\t\t\t<\/div>\n\t\t\t\t\t\t\t\t\t\t\t<div class=\"flex flex-col items-start justify-center w-full pb-5\">\n\n\t\t\t\t\t\t\t<div class=\"wysiwyg-style \">\n\t\t\t\t\t\t\t\t<p><strong>Programm 2<\/strong><\/p>\n<p><strong>Termine:<\/strong> 6. Juni, 7 &amp; 9. August<\/p>\n<table border=\"1\" cellspacing=\"0\" cellpadding=\"5\">\n<thead>\n<tr>\n<th>Zeit<\/th>\n<th>Programm<\/th>\n<th>Ort<\/th>\n<\/tr>\n<\/thead>\n<tbody>\n<tr>\n<td>10:45<\/td>\n<td>Pippi bekommt Besuch von Dieben<\/td>\n<td>Villa Kunterbunt<\/td>\n<\/tr>\n<tr>\n<td>11:35<\/td>\n<td>\n<p data-pm-slice=\"1 1 []\">\u00a0Pippi bekommt Besuch von Fr\u00e4ulein Prysselius und der Polizei<\/p>\n<\/td>\n<td>Villa Kunterbunt<\/td>\n<\/tr>\n<tr>\n<td>12:40<\/td>\n<td>Hier kommt Pippi Langstrumpf<\/td>\n<td>Villa Kunterbunt<\/td>\n<\/tr>\n<tr>\n<td>14:40<\/td>\n<td>Die Suppenschale<\/td>\n<td>Katthult<\/td>\n<\/tr>\n<tr>\n<td>15:45<\/td>\n<td>Idas Streiche<\/td>\n<td>Katthult<\/td>\n<\/tr>\n<tr>\n<td>16:40<\/td>\n<td>\n<p data-pm-slice=\"0 0 []\">Als Michel Blutkl\u00f6\u00dfeteig \u00fcber seinen Vater ausgoss<\/p>\n<\/td>\n<td>Katthult<\/td>\n<\/tr>\n<\/tbody>\n<\/table>\n<p>&nbsp;<\/p>\n\t\t\t\t\t\t\t<\/div>\n\t\t\t\t\t\t\t\t\t\t\t\t\t<\/div>\n\t\t\t\t\t\t\t\t\t\t\t<div class=\"flex flex-col items-start justify-center w-full pb-5\">\n\n\t\t\t\t\t\t\t<div class=\"wysiwyg-style \">\n\t\t\t\t\t\t\t\t<p><strong>Geb\u00e4rdensprachinterpretierte Programme Saison 2026<\/strong><\/p>\n<p><strong>Programm 1<\/strong><\/p>\n<p><strong>Termine:<\/strong> 4 &amp; 6. September<\/p>\n<table border=\"1\" cellspacing=\"0\" cellpadding=\"5\">\n<thead>\n<tr>\n<th>Zeit<\/th>\n<th>Programm<\/th>\n<th>Ort<\/th>\n<\/tr>\n<\/thead>\n<tbody>\n<tr>\n<td>10:45<\/td>\n<td>Pippi bekommt Besuch von Dieben<\/td>\n<td>Villa Kunterbunt<\/td>\n<\/tr>\n<tr>\n<td>11:35<\/td>\n<td>Sommertag mit L\u00e4usen<\/td>\n<td>Birkenlund<\/td>\n<\/tr>\n<tr>\n<td>12:40<\/td>\n<td>Madita och Lisabet machen einen Ausflug<\/td>\n<td>Birkenlund<\/td>\n<\/tr>\n<tr>\n<td>14:05<\/td>\n<td>Michel in der Suppensch\u00fcssel<\/td>\n<td>Katthult<\/td>\n<\/tr>\n<tr>\n<td>15:40<\/td>\n<td>Pippi spielt Fangen mit Polizisten<\/td>\n<td>Villa Kunterbunt<\/td>\n<\/tr>\n<tr>\n<td>16:40<\/td>\n<td>Hier kommt Pippi Langstrumpf<\/td>\n<td>Villa Kunterbunt<\/td>\n<\/tr>\n<\/tbody>\n<\/table>\n\t\t\t\t\t\t\t<\/div>\n\t\t\t\t\t\t\t\t\t\t\t\t\t<\/div>\n\t\t\t\t\t\t\t\t\t\t\t<div class=\"flex flex-col items-start justify-center w-full pb-5\">\n\n\t\t\t\t\t\t\t<div class=\"wysiwyg-style \">\n\t\t\t\t\t\t\t\t<p><strong>Programm 2<\/strong><\/p>\n<p><strong>Termine:<\/strong> 5 September<\/p>\n<table border=\"1\" cellspacing=\"0\" cellpadding=\"5\">\n<thead>\n<tr>\n<th>Zeit<\/th>\n<th>Programm<\/th>\n<th>Ort<\/th>\n<\/tr>\n<\/thead>\n<tbody>\n<tr>\n<td>11.15<\/td>\n<td>Als Michel Blutkl\u00f6\u00dfeteig \u00fcber seinen Vater ausgoss<\/td>\n<td>Katthult<\/td>\n<\/tr>\n<tr>\n<td>12.35<\/td>\n<td>Hier kommt Pippi Langstrumpf<\/td>\n<td>Villa Kunterbunt<\/td>\n<\/tr>\n<tr>\n<td>15.15<\/td>\n<td>Idas Streiche<\/td>\n<td>Katthult<\/td>\n<\/tr>\n<tr>\n<td>16.00<\/td>\n<td>Sommertag mit L\u00e4usen<\/td>\n<td>Die Mattisburg<\/td>\n<\/tr>\n<tr>\n<td><\/td>\n<td><\/td>\n<td><\/td>\n<\/tr>\n<tr>\n<td><\/td>\n<td><\/td>\n<td><\/td>\n<\/tr>\n<\/tbody>\n<\/table>\n\t\t\t\t\t\t\t<\/div>\n\t\t\t\t\t\t\t\t\t\t\t\t\t<\/div>\n\t\t\t\t\t\t\t\t\t\n\t\t\t<\/div>\n\n\t\t<\/div>\n\n\t<\/div>\n<\/div>","protected":false},"author":5,"featured_media":0,"template":"","area":[303],"class_list":["post-79288","tips-and-info","type-tips-and-info","status-publish","hentry"],"acf":[],"yoast_head":"<!-- This site is optimized with the Yoast SEO plugin v27.4 - https:\/\/yoast.com\/product\/yoast-seo-wordpress\/ -->\n<title>Dolmetscher f\u00fcr Geb\u00e4rdensprache | Astrid Lindgrens V\u00e4rld<\/title>\n<meta name=\"robots\" content=\"index, follow, max-snippet:-1, max-image-preview:large, max-video-preview:-1\" \/>\n<link rel=\"canonical\" href=\"https:\/\/astridlindgrensvarld.se\/de\/information\/dolmetscher-fuer-gebaerdensprache\/\" \/>\n<meta property=\"og:locale\" content=\"de_DE\" \/>\n<meta property=\"og:type\" content=\"article\" \/>\n<meta property=\"og:title\" content=\"Dolmetscher f\u00fcr Geb\u00e4rdensprache | Astrid Lindgrens V\u00e4rld\" \/>\n<meta property=\"og:url\" content=\"https:\/\/astridlindgrensvarld.se\/de\/information\/dolmetscher-fuer-gebaerdensprache\/\" \/>\n<meta property=\"og:site_name\" content=\"Astrid Lindgrens V\u00e4rld\" \/>\n<meta property=\"article:modified_time\" content=\"2025-12-03T13:19:41+00:00\" \/>\n<meta name=\"twitter:card\" content=\"summary_large_image\" \/>\n<script type=\"application\/ld+json\" class=\"yoast-schema-graph\">{\"@context\":\"https:\\\/\\\/schema.org\",\"@graph\":[{\"@type\":\"WebPage\",\"@id\":\"https:\\\/\\\/astridlindgrensvarld.se\\\/de\\\/information\\\/dolmetscher-fuer-gebaerdensprache\\\/\",\"url\":\"https:\\\/\\\/astridlindgrensvarld.se\\\/de\\\/information\\\/dolmetscher-fuer-gebaerdensprache\\\/\",\"name\":\"Dolmetscher f\u00fcr Geb\u00e4rdensprache | Astrid Lindgrens V\u00e4rld\",\"isPartOf\":{\"@id\":\"https:\\\/\\\/astridlindgrensvarld.se\\\/#website\"},\"datePublished\":\"2024-02-13T12:51:10+00:00\",\"dateModified\":\"2025-12-03T13:19:41+00:00\",\"breadcrumb\":{\"@id\":\"https:\\\/\\\/astridlindgrensvarld.se\\\/de\\\/information\\\/dolmetscher-fuer-gebaerdensprache\\\/#breadcrumb\"},\"inLanguage\":\"de\",\"potentialAction\":[{\"@type\":\"ReadAction\",\"target\":[\"https:\\\/\\\/astridlindgrensvarld.se\\\/de\\\/information\\\/dolmetscher-fuer-gebaerdensprache\\\/\"]}]},{\"@type\":\"BreadcrumbList\",\"@id\":\"https:\\\/\\\/astridlindgrensvarld.se\\\/de\\\/information\\\/dolmetscher-fuer-gebaerdensprache\\\/#breadcrumb\",\"itemListElement\":[{\"@type\":\"ListItem\",\"position\":1,\"name\":\"Home\",\"item\":\"https:\\\/\\\/astridlindgrensvarld.se\\\/de\\\/\"},{\"@type\":\"ListItem\",\"position\":2,\"name\":\"Dolmetscher f\u00fcr Geb\u00e4rdensprache\"}]},{\"@type\":\"WebSite\",\"@id\":\"https:\\\/\\\/astridlindgrensvarld.se\\\/#website\",\"url\":\"https:\\\/\\\/astridlindgrensvarld.se\\\/\",\"name\":\"Astrid Lindgrens V\u00e4rld\",\"description\":\"\",\"potentialAction\":[{\"@type\":\"SearchAction\",\"target\":{\"@type\":\"EntryPoint\",\"urlTemplate\":\"https:\\\/\\\/astridlindgrensvarld.se\\\/?s={search_term_string}\"},\"query-input\":{\"@type\":\"PropertyValueSpecification\",\"valueRequired\":true,\"valueName\":\"search_term_string\"}}],\"inLanguage\":\"de\"}]}<\/script>\n<!-- \/ Yoast SEO plugin. -->","yoast_head_json":{"title":"Dolmetscher f\u00fcr Geb\u00e4rdensprache | Astrid Lindgrens V\u00e4rld","robots":{"index":"index","follow":"follow","max-snippet":"max-snippet:-1","max-image-preview":"max-image-preview:large","max-video-preview":"max-video-preview:-1"},"canonical":"https:\/\/astridlindgrensvarld.se\/de\/information\/dolmetscher-fuer-gebaerdensprache\/","og_locale":"de_DE","og_type":"article","og_title":"Dolmetscher f\u00fcr Geb\u00e4rdensprache | Astrid Lindgrens V\u00e4rld","og_url":"https:\/\/astridlindgrensvarld.se\/de\/information\/dolmetscher-fuer-gebaerdensprache\/","og_site_name":"Astrid Lindgrens V\u00e4rld","article_modified_time":"2025-12-03T13:19:41+00:00","twitter_card":"summary_large_image","schema":{"@context":"https:\/\/schema.org","@graph":[{"@type":"WebPage","@id":"https:\/\/astridlindgrensvarld.se\/de\/information\/dolmetscher-fuer-gebaerdensprache\/","url":"https:\/\/astridlindgrensvarld.se\/de\/information\/dolmetscher-fuer-gebaerdensprache\/","name":"Dolmetscher f\u00fcr Geb\u00e4rdensprache | Astrid Lindgrens V\u00e4rld","isPartOf":{"@id":"https:\/\/astridlindgrensvarld.se\/#website"},"datePublished":"2024-02-13T12:51:10+00:00","dateModified":"2025-12-03T13:19:41+00:00","breadcrumb":{"@id":"https:\/\/astridlindgrensvarld.se\/de\/information\/dolmetscher-fuer-gebaerdensprache\/#breadcrumb"},"inLanguage":"de","potentialAction":[{"@type":"ReadAction","target":["https:\/\/astridlindgrensvarld.se\/de\/information\/dolmetscher-fuer-gebaerdensprache\/"]}]},{"@type":"BreadcrumbList","@id":"https:\/\/astridlindgrensvarld.se\/de\/information\/dolmetscher-fuer-gebaerdensprache\/#breadcrumb","itemListElement":[{"@type":"ListItem","position":1,"name":"Home","item":"https:\/\/astridlindgrensvarld.se\/de\/"},{"@type":"ListItem","position":2,"name":"Dolmetscher f\u00fcr Geb\u00e4rdensprache"}]},{"@type":"WebSite","@id":"https:\/\/astridlindgrensvarld.se\/#website","url":"https:\/\/astridlindgrensvarld.se\/","name":"Astrid Lindgrens V\u00e4rld","description":"","potentialAction":[{"@type":"SearchAction","target":{"@type":"EntryPoint","urlTemplate":"https:\/\/astridlindgrensvarld.se\/?s={search_term_string}"},"query-input":{"@type":"PropertyValueSpecification","valueRequired":true,"valueName":"search_term_string"}}],"inLanguage":"de"}]}},"_links":{"self":[{"href":"https:\/\/astridlindgrensvarld.se\/de\/wp-json\/wp\/v2\/tips-and-info\/79288","targetHints":{"allow":["GET"]}}],"collection":[{"href":"https:\/\/astridlindgrensvarld.se\/de\/wp-json\/wp\/v2\/tips-and-info"}],"about":[{"href":"https:\/\/astridlindgrensvarld.se\/de\/wp-json\/wp\/v2\/types\/tips-and-info"}],"author":[{"embeddable":true,"href":"https:\/\/astridlindgrensvarld.se\/de\/wp-json\/wp\/v2\/users\/5"}],"version-history":[{"count":16,"href":"https:\/\/astridlindgrensvarld.se\/de\/wp-json\/wp\/v2\/tips-and-info\/79288\/revisions"}],"predecessor-version":[{"id":86210,"href":"https:\/\/astridlindgrensvarld.se\/de\/wp-json\/wp\/v2\/tips-and-info\/79288\/revisions\/86210"}],"wp:attachment":[{"href":"https:\/\/astridlindgrensvarld.se\/de\/wp-json\/wp\/v2\/media?parent=79288"}],"wp:term":[{"taxonomy":"area","embeddable":true,"href":"https:\/\/astridlindgrensvarld.se\/de\/wp-json\/wp\/v2\/area?post=79288"}],"curies":[{"name":"wp","href":"https:\/\/api.w.org\/{rel}","templated":true}]}}