{"id":81011,"date":"2024-03-25T16:45:06","date_gmt":"2024-03-25T14:45:06","guid":{"rendered":"https:\/\/astridlindgrensvarld.se\/boende\/information\/abendessen\/"},"modified":"2026-04-20T08:00:28","modified_gmt":"2026-04-20T06:00:28","slug":"abendessen","status":"publish","type":"rentalinfo","link":"https:\/\/astridlindgrensvarld.se\/de\/unterkunft\/information\/abendessen\/","title":{"rendered":"Abendessen"},"content":{"rendered":"\n<div class=\"relative flex flex-col items-center  w-full h-screen max-h-[960px] mobile:mb-[200px] desktop:max-h-[780px] min-h-[700px] mobile:min-h-[500px] justify-start mobile:max-h-none mobile:h-full\">\n\t\t\t\t\t\t\t<img decoding=\"async\" class=\"top-0 object-cover w-full h-[60vh] max-h-[800px] min-h-[700px]  mobile:min-h-[540px]\" src=\"https:\/\/astridlindgrensvarld.se\/wp-content\/uploads\/2023\/11\/bysalen-ute-3200x1440px.jpg\" alt=\"\">\n\t\t\t\t\t\t\t<div class=\"absolute bottom-0 mobile:bottom-[-200px] z-10 flex flex-col items-center w-full inner-contain gap-7 desktop-sm:px-4 mobile:px-2\">\n\t\t\t\t<div class=\"bg-whiteish px-[80px] py-6 mobile:p-2 flex flex-col items-center gap-4 mobile:gap-4 text-black text-center rounded-lg lg-shadow w-full\">\n\t\t\t\t\t<div class=\"flex flex-col items-center justify-start gap-1\">\n\n\t\t\t\t\t\t<h1 class=\"text-brightRed -hero\">Abendessen<\/h1>\n\t\t\t\t\t\t\t\t\t\t\t<\/div>\n\n\t\t\t\t\t<p class=\"-large text-darkRed mobile:!text-[16px]\">Eins der Restaurants des Parks direkt neben den G\u00e4steunterk\u00fcnften, ist zum Abendessen f\u00fcr unsere G\u00e4ste ge\u00f6ffnet. Bis zu zwei Tage vor Anreise k\u00f6nnen Sie bei Ihrer Buchung \u00fcber \u201eMeine Buchung\u201c Sonderleistungen hinzuf\u00fcgen.<\/p>\n\t\t\t\t\t\t\t\t\t\t\t\t\t\t\t\t<div class=\"flex items-center justify-center w-full gap-3\">\n\n\t\t\t\t\t\t\t\t\t\t\t\t\t\t\t<a class=\"btn\" href=\"https:\/\/astridlindgrensvarld.se\/de\/unterkunft\/meine-buchung\/\" target=\"\">\n\t\t\t\t\t\t\t\t\t<p class=\"-button\">\n\t\t\t\t\t\t\t\t\t\tSonderleistungen hinzuf\u00fcgen\t\t\t\t\t\t\t\t\t<\/p>\n\t\t\t\t\t\t\t\t<\/a>\n\t\t\t\t\t\t\t\t\t\t\t\t\t\t\t\t\t\t\t\t<\/div>\n\t\t\t\t\t\t\t\t\t<\/div>\n\t\t\t<\/div>\n\t\t\t<\/div>\n\n\n<div data-aos=\"\" data-aos-duration=\"\" class=\"tablet:px-4 mobile-sm:px-2\">\n\t<div class=\"flex flex-col items-center w-full px-6 m-auto rounded-md mobile:px-5 inner-contain bg-whiteish my-7\">\n\n\t\t\t\t\t<h2 class=\"w-3\/4 text-center pt-7 text-red tablet:w-full\">Abendkarte <\/h2>\n\t\t\t\t<div class=\"flex flex-col items-center justify-center w-full m-auto py-7 desktop-sm:px-4 tablet:px-0 text-contain\">\n\t\t\t<div class=\"flex flex-col items-center justify-center w-full\">\n\n\t\t\t\t\t\t\t\t\t\t\t\t\t\t\t<div class=\"flex flex-col items-center justify-center w-full pb-5\">\n\n\t\t\t\t\t\t\t<div class=\"wysiwyg-style text-center\">\n\t\t\t\t\t\t\t\t<h3 class=\"text-darkRed -demi mt-6 mb-2\">Preis<\/h3>\n<p class=\"text-blackish text-[20px] mb-1\">Kinder 0\u20132 Jahre frei<\/p>\n<p class=\"text-blackish text-[20px] mb-1\">3\u201312 Jahre 145 SEK<\/p>\n<p class=\"text-blackish text-[20px] mb-6\">Erwachsene 345 SEK<\/p>\n<h3 class=\"text-darkRed -demi mb-2\" style=\"margin-top: 32px;\">Salatbuffet<\/h3>\n<p class=\"text-blackish text-[20px] mb-1\">Unser eigener Kartoffelsalat<\/p>\n<p class=\"text-blackish text-[20px] mb-1\">Salat aus salzgebackenen Rote-Bete und Hofk\u00e4se aus Brostorp<\/p>\n<p class=\"text-blackish text-[20px] mb-1\">Tomatensalat mit eingelegten roten Zwiebeln und Petersilie<\/p>\n<p class=\"text-blackish text-[20px] mb-1\">Gr\u00fcner Salat<\/p>\n<p class=\"text-blackish text-[20px] mb-1\">Blumenkohl- und Brokkolisalat<\/p>\n<p class=\"text-blackish text-[20px] mb-1\">Sauerteigbrot von der lokalen B\u00e4ckerei<\/p>\n<p class=\"text-blackish text-[20px] mb-1\">K\u00e4secreme<\/p>\n<p class=\"text-blackish text-[20px] mb-4\">Bregott<\/p>\n<h3 class=\"text-darkRed -demi mt-6 mb-2\">Kalte Speisen<\/h3>\n<p class=\"text-blackish text-[20px] mb-1\">Schwedisches Roastbeef<\/p>\n<p class=\"text-blackish text-[20px] mb-1\">Warmger\u00e4ucherter Regenbogenlachs aus der R\u00e4ucherei V\u00e4gga<\/p>\n<p class=\"text-blackish text-[20px] mb-4\">Fenchelsalami<\/p>\n<h3 class=\"text-darkRed -demi mt-6 mb-2\">Warme Speisen<\/h3>\n<p class=\"text-blackish text-[20px] mb-1\">\u00dcber Nacht gegarter Schweinenacken vom Hof Brantestad<\/p>\n<p class=\"text-blackish text-[20px] mb-1\">Wimmerby-Wurst von Stens\u00e5kra<\/p>\n<p class=\"text-blackish text-[20px] mb-1\">Chorizo vom Brantestad<\/p>\n<p class=\"text-blackish text-[20px] mb-1\">Kr\u00e4utermarinierte H\u00e4hnchenbrust aus Bj\u00e4re<\/p>\n<p class=\"text-blackish text-[20px] mb-1\">Kartoffelgratin<\/p>\n<p class=\"text-blackish text-[20px] mb-1\">Gebackener Spitzkohl<\/p>\n<p class=\"text-blackish text-[20px] mb-1\">Gebackene Portobello-Pilze<\/p>\n<p class=\"text-blackish text-[20px] mb-1\">Lauwarmer Linsensalat mit Estragon, Knoblauch und gelben R\u00fcben<\/p>\n<p class=\"text-blackish text-[20px] mb-1\">Lauwarme Wurzelgem\u00fcse<\/p>\n<p class=\"text-blackish text-[20px] mb-1\">Bohneneintopf mit \u00d6land-Bohnen und Tomaten<\/p>\n<p class=\"text-blackish text-[20px] mb-1\">R\u00f6stkartoffeln von Axelssons in \u00c5by<\/p>\n<p class=\"text-blackish text-[20px] mb-4\">Rotweinsauce<\/p>\n<h3 class=\"text-darkRed -demi mt-6 mb-2\">Kalte Saucen<\/h3>\n<p class=\"text-blackish text-[20px] mb-1\">Estragonmayonnaise<\/p>\n<p class=\"text-blackish text-[20px] mb-1\">Tomatensalsa mit Kr\u00e4utern und Chili<\/p>\n<p class=\"text-blackish text-[20px] mb-4\">Dillcreme<\/p>\n<h3 class=\"text-darkRed -demi mt-6 mb-2\">F\u00fcr Kinder<\/h3>\n<p class=\"text-blackish text-[20px] mb-1\">Pasta<\/p>\n<p class=\"text-blackish text-[20px] mb-1\">Unsere eigenen Fleischb\u00e4llchen<\/p>\n<p class=\"text-blackish text-[20px] mb-1\">Sahnesauce<\/p>\n<p class=\"text-blackish text-[20px] mb-1\">Prinskorv von Stens\u00e5kra<\/p>\n<p class=\"text-blackish text-[20px] mb-1\">H\u00e4hnchen aus Bj\u00e4re<\/p>\n<p class=\"text-blackish text-[20px] mb-1\">Salzkartoffeln<\/p>\n<p class=\"text-blackish text-[20px] mb-1\">Gurkensticks<\/p>\n<p class=\"text-blackish text-[20px] mb-1\">Kirschtomaten<\/p>\n<p class=\"text-blackish text-[20px] mb-1\">Ketchup<\/p>\n<p class=\"text-blackish text-[20px] mb-4\">Senf<\/p>\n<h3 class=\"text-darkRed -demi mt-6 mb-2\">Dessert<\/h3>\n<p class=\"text-blackish text-[20px] mb-1\">Schokoladenkuchen mit leicht geschlagener Sahne<\/p>\n<p class=\"text-blackish text-[20px] mb-1\">Rhabarberkompott mit Milch und Sahne<\/p>\n<p class=\"text-blackish text-[20px] mb-1\">Biskuitrolle<\/p>\n<p class=\"text-blackish text-[20px] mb-6\">Kardamomkuchen<\/p>\n<p class=\"text-blackish text-[20px] pt-6 italic\">\u00c4nderungen vorbehalten<\/p>\n\t\t\t\t\t\t\t<\/div>\n\t\t\t\t\t\t\t\t\t\t\t\t\t<\/div>\n\t\t\t\t\t\t\t\t\t\n\t\t\t<\/div>\n\n\t\t<\/div>\n\n\t<\/div>\n<\/div>\n\n<div data-aos=\"\" data-aos-duration=\"\" class=\"flex flex-col items-start justify-center w-full mb-[-64px] tablet-lg:px-0 tablet-lg:mb-0 py-7\">\n\t<div class=\"relative z-0 items-center w-full m-auto inner-contain tablet-lg:max-w-none tablet-lg:px-0 tablet-lg:gap-4\">\n\t\t\t\t\t<div data-sliderid=\"middag\" class=\"tablet-lg:px-4 mb-4 w-full rounded-lg tablet-lg:rounded-none justify-start flex overflow-hidden middag tablet:mb-2 image-slider\">\n\t\t\t\t<div class=\"flex justify-center mobile:gap-0 swiper-wrapper tablet-lg:justify-start\">\n\t\t\t\t\t\t\t\t\t\t\t<img decoding=\"async\" src=\"https:\/\/astridlindgrensvarld.se\/wp-content\/uploads\/2023\/11\/smg-mat2-1440x1440px.jpg\" alt=\"\" class=\"object-cover w-full rounded-lg mobile:max-w-full tablet-lg:mx-0 aspect-square swiper-slide\" \/>\n\t\t\t\t\t\t\t\t\t\t\t<img decoding=\"async\" src=\"https:\/\/astridlindgrensvarld.se\/wp-content\/uploads\/2023\/11\/hamnmagasinet-mat-1440x1440px.jpg\" alt=\"\" class=\"object-cover w-full rounded-lg mobile:max-w-full tablet-lg:mx-0 aspect-square swiper-slide\" \/>\n\t\t\t\t\t\t\t\t\t\t\t<img decoding=\"async\" src=\"https:\/\/astridlindgrensvarld.se\/wp-content\/uploads\/2023\/11\/pannkakan-mat-1440x1440px.jpg\" alt=\"\" class=\"object-cover w-full rounded-lg mobile:max-w-full tablet-lg:mx-0 aspect-square swiper-slide\" \/>\n\t\t\t\t\t\t\t\t\t<\/div>\n\t\t\t<\/div>\n\t\t\t<div class=\"!w-1\/2 !m-auto swiper-scrollbar middag-scrollbar\"><\/div>\n\t\t\t<!-- <div class=\"swiper-pagination\"><\/div> -->\n\t\t\t\t\t\t\t<div class=\"flex justify-end tablet-lg:justify-center w-full relative top-[-64px] z-10 tablet-lg:top-4 tablet-lg:px-4\">\n\t\t\t\t<div class=\"flex flex-col items-start max-w-[50%] bg-whiteish p-6 mr-8 rounded-lg gap-5 mobile:px-4 mobile:py-5 tablet-lg:max-w-[90%] mobile:max-w-none mobile:w-full tablet-lg:mr-0 lg-shadow\">\n\t\t\t\t\t<h3 class=\"text-darkRed -demi\">\u00dcber unsere Speisen<\/h3>\n\t\t\t\t\t<p class=\"text-blackish text-[20px]\">Falls jemand in der Familie eine Allergie hat oder aus einem anderen Grund eine spezielle Di\u00e4t einhalten muss, haben wir mindestens eine Allergiealternative. In unseren Restaurants bereiten wir alles von Grund auf in unseren eigenen K\u00fcchen zu, meistens aus Zutaten aus der Region.<\/p>\n\t\t\t\t\t\t\t\t\t\t\t<a class=\"text-brightRed group\" href=\"https:\/\/astridlindgrensvarld.se\/de\/information\/ueber-unsere-speisen\/\" target=\"\">\n\t\t\t\t\t\t\t<div class=\"flex items-center gap-5\">\n\t\t\t\t\t\t\t\t<p class=\"-pippi-poster\">Erfahren Sie mehr \u00fcber unsere Speisen<\/p>\n\t\t\t\t\t\t\t\t\t\t\t\t\t\t\t\t\t<img decoding=\"async\" class=\"hover-animation mobile:max-w-[2rem]\" src=\"https:\/\/astridlindgrensvarld.se\/wp-content\/uploads\/2023\/09\/alv-arrow.svg\" alt=\"\">\n\t\t\t\t\t\t\t\t\t\t\t\t\t\t\t<\/div>\n\t\t\t\t\t\t<\/a>\n\t\t\t\t\t\t\t\t\t<\/div>\n\t\t\t<\/div>\n\t\t\t<\/div>\n<\/div>","protected":false},"author":5,"featured_media":0,"template":"","boendeinformation":[323,363,322],"class_list":["post-81011","rentalinfo","type-rentalinfo","status-publish","hentry"],"acf":[],"yoast_head":"<!-- This site is optimized with the Yoast SEO plugin v27.5 - https:\/\/yoast.com\/product\/yoast-seo-wordpress\/ -->\n<title>Abendessen | Astrid Lindgrens V\u00e4rld<\/title>\n<meta name=\"robots\" content=\"index, follow, max-snippet:-1, max-image-preview:large, max-video-preview:-1\" \/>\n<link rel=\"canonical\" href=\"https:\/\/astridlindgrensvarld.se\/de\/unterkunft\/information\/abendessen\/\" \/>\n<meta property=\"og:locale\" content=\"de_DE\" \/>\n<meta property=\"og:type\" content=\"article\" \/>\n<meta property=\"og:title\" content=\"Abendessen | Astrid Lindgrens V\u00e4rld\" \/>\n<meta property=\"og:url\" content=\"https:\/\/astridlindgrensvarld.se\/de\/unterkunft\/information\/abendessen\/\" \/>\n<meta property=\"og:site_name\" content=\"Astrid Lindgrens V\u00e4rld\" \/>\n<meta property=\"article:modified_time\" content=\"2026-04-20T06:00:28+00:00\" \/>\n<meta name=\"twitter:card\" content=\"summary_large_image\" \/>\n<script type=\"application\/ld+json\" class=\"yoast-schema-graph\">{\"@context\":\"https:\\\/\\\/schema.org\",\"@graph\":[{\"@type\":\"WebPage\",\"@id\":\"https:\\\/\\\/astridlindgrensvarld.se\\\/de\\\/unterkunft\\\/information\\\/abendessen\\\/\",\"url\":\"https:\\\/\\\/astridlindgrensvarld.se\\\/de\\\/unterkunft\\\/information\\\/abendessen\\\/\",\"name\":\"Abendessen | Astrid Lindgrens V\u00e4rld\",\"isPartOf\":{\"@id\":\"https:\\\/\\\/astridlindgrensvarld.se\\\/#website\"},\"datePublished\":\"2024-03-25T14:45:06+00:00\",\"dateModified\":\"2026-04-20T06:00:28+00:00\",\"breadcrumb\":{\"@id\":\"https:\\\/\\\/astridlindgrensvarld.se\\\/de\\\/unterkunft\\\/information\\\/abendessen\\\/#breadcrumb\"},\"inLanguage\":\"de\",\"potentialAction\":[{\"@type\":\"ReadAction\",\"target\":[\"https:\\\/\\\/astridlindgrensvarld.se\\\/de\\\/unterkunft\\\/information\\\/abendessen\\\/\"]}]},{\"@type\":\"BreadcrumbList\",\"@id\":\"https:\\\/\\\/astridlindgrensvarld.se\\\/de\\\/unterkunft\\\/information\\\/abendessen\\\/#breadcrumb\",\"itemListElement\":[{\"@type\":\"ListItem\",\"position\":1,\"name\":\"Home\",\"item\":\"https:\\\/\\\/astridlindgrensvarld.se\\\/de\\\/\"},{\"@type\":\"ListItem\",\"position\":2,\"name\":\"Abendessen\"}]},{\"@type\":\"WebSite\",\"@id\":\"https:\\\/\\\/astridlindgrensvarld.se\\\/#website\",\"url\":\"https:\\\/\\\/astridlindgrensvarld.se\\\/\",\"name\":\"Astrid Lindgrens V\u00e4rld\",\"description\":\"\",\"potentialAction\":[{\"@type\":\"SearchAction\",\"target\":{\"@type\":\"EntryPoint\",\"urlTemplate\":\"https:\\\/\\\/astridlindgrensvarld.se\\\/?s={search_term_string}\"},\"query-input\":{\"@type\":\"PropertyValueSpecification\",\"valueRequired\":true,\"valueName\":\"search_term_string\"}}],\"inLanguage\":\"de\"}]}<\/script>\n<!-- \/ Yoast SEO plugin. -->","yoast_head_json":{"title":"Abendessen | Astrid Lindgrens V\u00e4rld","robots":{"index":"index","follow":"follow","max-snippet":"max-snippet:-1","max-image-preview":"max-image-preview:large","max-video-preview":"max-video-preview:-1"},"canonical":"https:\/\/astridlindgrensvarld.se\/de\/unterkunft\/information\/abendessen\/","og_locale":"de_DE","og_type":"article","og_title":"Abendessen | Astrid Lindgrens V\u00e4rld","og_url":"https:\/\/astridlindgrensvarld.se\/de\/unterkunft\/information\/abendessen\/","og_site_name":"Astrid Lindgrens V\u00e4rld","article_modified_time":"2026-04-20T06:00:28+00:00","twitter_card":"summary_large_image","schema":{"@context":"https:\/\/schema.org","@graph":[{"@type":"WebPage","@id":"https:\/\/astridlindgrensvarld.se\/de\/unterkunft\/information\/abendessen\/","url":"https:\/\/astridlindgrensvarld.se\/de\/unterkunft\/information\/abendessen\/","name":"Abendessen | Astrid Lindgrens V\u00e4rld","isPartOf":{"@id":"https:\/\/astridlindgrensvarld.se\/#website"},"datePublished":"2024-03-25T14:45:06+00:00","dateModified":"2026-04-20T06:00:28+00:00","breadcrumb":{"@id":"https:\/\/astridlindgrensvarld.se\/de\/unterkunft\/information\/abendessen\/#breadcrumb"},"inLanguage":"de","potentialAction":[{"@type":"ReadAction","target":["https:\/\/astridlindgrensvarld.se\/de\/unterkunft\/information\/abendessen\/"]}]},{"@type":"BreadcrumbList","@id":"https:\/\/astridlindgrensvarld.se\/de\/unterkunft\/information\/abendessen\/#breadcrumb","itemListElement":[{"@type":"ListItem","position":1,"name":"Home","item":"https:\/\/astridlindgrensvarld.se\/de\/"},{"@type":"ListItem","position":2,"name":"Abendessen"}]},{"@type":"WebSite","@id":"https:\/\/astridlindgrensvarld.se\/#website","url":"https:\/\/astridlindgrensvarld.se\/","name":"Astrid Lindgrens V\u00e4rld","description":"","potentialAction":[{"@type":"SearchAction","target":{"@type":"EntryPoint","urlTemplate":"https:\/\/astridlindgrensvarld.se\/?s={search_term_string}"},"query-input":{"@type":"PropertyValueSpecification","valueRequired":true,"valueName":"search_term_string"}}],"inLanguage":"de"}]}},"_links":{"self":[{"href":"https:\/\/astridlindgrensvarld.se\/de\/wp-json\/wp\/v2\/rentalinfo\/81011","targetHints":{"allow":["GET"]}}],"collection":[{"href":"https:\/\/astridlindgrensvarld.se\/de\/wp-json\/wp\/v2\/rentalinfo"}],"about":[{"href":"https:\/\/astridlindgrensvarld.se\/de\/wp-json\/wp\/v2\/types\/rentalinfo"}],"author":[{"embeddable":true,"href":"https:\/\/astridlindgrensvarld.se\/de\/wp-json\/wp\/v2\/users\/5"}],"version-history":[{"count":4,"href":"https:\/\/astridlindgrensvarld.se\/de\/wp-json\/wp\/v2\/rentalinfo\/81011\/revisions"}],"predecessor-version":[{"id":86795,"href":"https:\/\/astridlindgrensvarld.se\/de\/wp-json\/wp\/v2\/rentalinfo\/81011\/revisions\/86795"}],"wp:attachment":[{"href":"https:\/\/astridlindgrensvarld.se\/de\/wp-json\/wp\/v2\/media?parent=81011"}],"wp:term":[{"taxonomy":"boendeinformation","embeddable":true,"href":"https:\/\/astridlindgrensvarld.se\/de\/wp-json\/wp\/v2\/boendeinformation?post=81011"}],"curies":[{"name":"wp","href":"https:\/\/api.w.org\/{rel}","templated":true}]}}